{"id":1051,"date":"2024-02-22T16:25:47","date_gmt":"2024-02-22T15:25:47","guid":{"rendered":"https:\/\/www.recydata.be\/?page_id=1051"},"modified":"2024-04-10T14:21:44","modified_gmt":"2024-04-10T12:21:44","slug":"rep-textiles","status":"publish","type":"page","link":"https:\/\/www.recydata.be\/fr\/rep-textiles\/","title":{"rendered":"REP textiles"},"content":{"rendered":"<p>La production croissante de d\u00e9chets textiles est attribuable \u00e0 ce que l&rsquo;on appelle la \u00ab\u00a0fast fashion\u00a0\u00bb. Ce ph\u00e9nom\u00e8ne se caract\u00e9rise par la mise sur le march\u00e9 de collections de mode plus fr\u00e9quentes, offrant des produits \u00e0 bas prix qui encouragent les achats impulsifs et incitent \u00e0 l&rsquo;accumulation de v\u00eatements. Cette surconsommation de textiles entra\u00eene une augmentation des d\u00e9chets dans ce domaine.<\/p>\n<p>Environ 38 % des d\u00e9chets textiles post-consommation, comprenant les v\u00eatements, les chaussures, les textiles d&rsquo;int\u00e9rieur et techniques, ne sont pas collect\u00e9s s\u00e9par\u00e9ment. Ils se retrouvent ainsi dans les d\u00e9chets m\u00e9nagers m\u00e9lang\u00e9s, destin\u00e9s \u00e0 \u00eatre incin\u00e9r\u00e9s ou mis en d\u00e9charge. Cette gestion peu efficace des d\u00e9chets ne respecte pas la hi\u00e9rarchie des d\u00e9chets et nuit \u00e0 l&rsquo;environnement, tant dans l&rsquo;UE que dans les pays tiers, en raison des \u00e9missions de gaz \u00e0 effet de serre \u00e9lev\u00e9es, de la consommation d&rsquo;eau excessive, de la pollution et de l&rsquo;utilisation des sols.<\/p>\n<p>&nbsp;<\/p>\n","protected":false},"excerpt":{"rendered":"<p>La production croissante de d\u00e9chets textiles est attribuable \u00e0 ce que l&rsquo;on appelle la \u00ab\u00a0fast fashion\u00a0\u00bb. Ce ph\u00e9nom\u00e8ne se caract\u00e9rise [&hellip;]<\/p>\n","protected":false},"author":3,"featured_media":1040,"parent":0,"menu_order":0,"comment_status":"closed","ping_status":"closed","template":"","meta":{"_acf_changed":false,"footnotes":""},"class_list":["post-1051","page","type-page","status-publish","has-post-thumbnail","hentry"],"acf":[],"_links":{"self":[{"href":"https:\/\/www.recydata.be\/fr\/wp-json\/wp\/v2\/pages\/1051","targetHints":{"allow":["GET"]}}],"collection":[{"href":"https:\/\/www.recydata.be\/fr\/wp-json\/wp\/v2\/pages"}],"about":[{"href":"https:\/\/www.recydata.be\/fr\/wp-json\/wp\/v2\/types\/page"}],"author":[{"embeddable":true,"href":"https:\/\/www.recydata.be\/fr\/wp-json\/wp\/v2\/users\/3"}],"replies":[{"embeddable":true,"href":"https:\/\/www.recydata.be\/fr\/wp-json\/wp\/v2\/comments?post=1051"}],"version-history":[{"count":6,"href":"https:\/\/www.recydata.be\/fr\/wp-json\/wp\/v2\/pages\/1051\/revisions"}],"predecessor-version":[{"id":1539,"href":"https:\/\/www.recydata.be\/fr\/wp-json\/wp\/v2\/pages\/1051\/revisions\/1539"}],"wp:featuredmedia":[{"embeddable":true,"href":"https:\/\/www.recydata.be\/fr\/wp-json\/wp\/v2\/media\/1040"}],"wp:attachment":[{"href":"https:\/\/www.recydata.be\/fr\/wp-json\/wp\/v2\/media?parent=1051"}],"curies":[{"name":"wp","href":"https:\/\/api.w.org\/{rel}","templated":true}]}}